{"id":28167,"date":"2018-08-01T15:36:56","date_gmt":"2018-08-01T13:36:56","guid":{"rendered":"https:\/\/www.hospitallapaloma.com\/unidad-de-psicopedagogia\/"},"modified":"2019-09-06T15:32:47","modified_gmt":"2019-09-06T13:32:47","slug":"psichopedagogy-unit","status":"publish","type":"page","link":"https:\/\/www.hospitallapaloma.com\/en\/psichopedagogy-unit\/","title":{"rendered":"Psychopedagogy Unit"},"content":{"rendered":"<div class=\"wpb-content-wrapper\"><p>[vc_row][vc_column][vc_custom_heading text=&#8221;Psychopedagogy Unit &#8221; font_container=&#8221;tag:h1|text_align:left&#8221; use_theme_fonts=&#8221;yes&#8221;][vc_single_image image=&#8221;3000&#8243; img_size=&#8221;full&#8221; style=&#8221;vc_box_border&#8221;][vc_empty_space height=&#8221;18px&#8221;][\/vc_column][\/vc_row][vc_row][vc_column][vc_column_text]<span data-contrast=\"auto\">Specialised attention by psychopedagogy helps to prevent and t<strong>reat all those difficulties that appear in the learning and development process of children.<\/strong><\/span><strong>\u00a0<\/strong><\/p>\n<p><span data-contrast=\"auto\">Difficulties in the childhood stage such as ADHD or dyslexia, among others, are chronic pathologies that affect their development and have an impact on all stages of their lives.<\/span><span data-ccp-props=\"{&quot;201341983&quot;:0,&quot;335559740&quot;:276}\">\u00a0<\/span>[\/vc_column_text][vc_column_text]<\/p>\n<h2><span data-contrast=\"auto\">Psychopedagogy Unit\u2019s objectives\u00a0<\/span><span data-ccp-props=\"{&quot;201341983&quot;:0,&quot;335559740&quot;:276}\">\u00a0<\/span><\/h2>\n<p>[\/vc_column_text][vc_column_text]<span data-contrast=\"auto\">Our unit aims to re-educate and\/or rehabilitate children with specific difficulties or disorders through an individualised and personalised intervention, with the use of innovative methods of diagnosis and therapy. It also seeks to offer individual (children, parents or guardians) and group (schools) psychotherapeutic treatments.<\/span><span data-ccp-props=\"{&quot;201341983&quot;:0,&quot;335559740&quot;:276}\">\u00a0<\/span><\/p>\n<p><span data-contrast=\"auto\">On the other hand, people with family members who suffer from these difficulties or disorders are oriented by professionals trained in the use of these methods.<\/span><span data-ccp-props=\"{&quot;201341983&quot;:0,&quot;335559740&quot;:276}\">\u00a0<\/span>[\/vc_column_text][vc_column_text]<\/p>\n<h2><span data-contrast=\"auto\">What services are offered in the Unit?<\/span><span data-ccp-props=\"{&quot;201341983&quot;:0,&quot;335559740&quot;:276}\">\u00a0<\/span><\/h2>\n<p>[\/vc_column_text][vc_column_text]<span data-contrast=\"auto\">In the Psychopedagogy Unit, several difficulties affect the academic and personal field, among which we highlight:<\/span><span data-ccp-props=\"{&quot;201341983&quot;:0,&quot;335559740&quot;:276}\">\u00a0<\/span><\/p>\n<ul>\n<li><span data-contrast=\"auto\">ADHD in children and adults.<\/span><span data-ccp-props=\"{&quot;201341983&quot;:0,&quot;335559740&quot;:276}\">\u00a0<\/span><\/li>\n<li><span data-contrast=\"auto\">Learning disorders<\/span><span data-ccp-props=\"{&quot;201341983&quot;:0,&quot;335559740&quot;:276}\">\u00a0<\/span><\/li>\n<li><span data-contrast=\"auto\">Dyslexia<\/span><span data-ccp-props=\"{&quot;201341983&quot;:0,&quot;335559740&quot;:276}\">\u00a0<\/span><\/li>\n<li><span data-contrast=\"auto\">Workshops for parents<\/span><span data-ccp-props=\"{&quot;201341983&quot;:0,&quot;335559740&quot;:276}\">\u00a0<\/span><\/li>\n<li><span data-contrast=\"auto\">Study techniques<\/span><span data-ccp-props=\"{&quot;201341983&quot;:0,&quot;335559740&quot;:276}\">\u00a0<\/span><\/li>\n<li><span data-contrast=\"auto\">High intellectual abilities<\/span><span data-ccp-props=\"{&quot;201341983&quot;:0,&quot;335559740&quot;:276}\">\u00a0<\/span><\/li>\n<li><span data-contrast=\"auto\">Training with video games<\/span><span data-ccp-props=\"{&quot;201341983&quot;:0,&quot;335559740&quot;:276}\">\u00a0<\/span><\/li>\n<li><span data-contrast=\"auto\">Work and academic guidance for adolescents and adults.<\/span><span data-ccp-props=\"{&quot;201341983&quot;:0,&quot;335559740&quot;:276}\">\u00a0<\/span><\/li>\n<li><span data-contrast=\"auto\">Virtual reality, diagnosis and intervention<\/span><span data-ccp-props=\"{&quot;201341983&quot;:0,&quot;335559740&quot;:276}\">\u00a0<\/span><\/li>\n<li><span data-contrast=\"auto\">Social difficulties<\/span><span data-ccp-props=\"{&quot;201341983&quot;:0,&quot;335559740&quot;:276}\">\u00a0<\/span><\/li>\n<li><span data-contrast=\"auto\">Cognitive reinforcement<\/span><span data-ccp-props=\"{&quot;201341983&quot;:0,&quot;335559740&quot;:276}\">\u00a0<\/span><\/li>\n<\/ul>\n<p>[\/vc_column_text][vc_empty_space][\/vc_column][\/vc_row][vc_row][vc_column width=&#8221;1\/4&#8243;][\/vc_column][vc_column width=&#8221;1\/2&#8243;][vc_tta_accordion color=&#8221;blue&#8221; active_section=&#8221;0&#8243; collapsible_all=&#8221;true&#8221;][vc_tta_section title=&#8221;Do you want to receive more information about the Psychopedagogy Unit in your email? &#8221; tab_id=&#8221;1533130274668-2dbb27d4-682f&#8221;]\n<div class=\"wpcf7 no-js\" id=\"wpcf7-f2651-o1\" lang=\"es-ES\" dir=\"ltr\" data-wpcf7-id=\"2651\">\n<div class=\"screen-reader-response\"><p role=\"status\" aria-live=\"polite\" aria-atomic=\"true\"><\/p> <ul><\/ul><\/div>\n<form action=\"\/en\/wp-json\/wp\/v2\/pages\/28167#wpcf7-f2651-o1\" method=\"post\" class=\"wpcf7-form init\" aria-label=\"Formulario de contacto\" novalidate=\"novalidate\" data-status=\"init\">\n<fieldset class=\"hidden-fields-container\"><input type=\"hidden\" name=\"_wpcf7\" value=\"2651\" \/><input type=\"hidden\" name=\"_wpcf7_version\" value=\"6.1.5\" \/><input type=\"hidden\" name=\"_wpcf7_locale\" value=\"es_ES\" \/><input type=\"hidden\" name=\"_wpcf7_unit_tag\" value=\"wpcf7-f2651-o1\" \/><input type=\"hidden\" name=\"_wpcf7_container_post\" value=\"0\" \/><input type=\"hidden\" name=\"_wpcf7_posted_data_hash\" value=\"\" \/><input type=\"hidden\" name=\"_wpcf7cf_hidden_group_fields\" value=\"[]\" \/><input type=\"hidden\" name=\"_wpcf7cf_hidden_groups\" value=\"[]\" \/><input type=\"hidden\" name=\"_wpcf7cf_visible_groups\" value=\"[]\" \/><input type=\"hidden\" name=\"_wpcf7cf_repeaters\" value=\"[]\" \/><input type=\"hidden\" name=\"_wpcf7cf_steps\" value=\"{}\" \/><input type=\"hidden\" name=\"_wpcf7cf_options\" value=\"{&quot;form_id&quot;:2651,&quot;conditions&quot;:[],&quot;settings&quot;:{&quot;animation&quot;:&quot;yes&quot;,&quot;animation_intime&quot;:200,&quot;animation_outtime&quot;:200,&quot;conditions_ui&quot;:&quot;normal&quot;,&quot;notice_dismissed&quot;:false,&quot;notice_dismissed_rollback-cf7-5.8.3&quot;:true,&quot;notice_dismissed_rollback-cf7-5.8.6&quot;:true,&quot;notice_dismissed_rollback-cf7-5.9.8&quot;:true}}\" \/><input type=\"hidden\" name=\"_wpcf7_recaptcha_response\" value=\"\" \/>\n<\/fieldset>\n<p><span class=\"wpcf7-form-control-wrap\" data-name=\"your-nombre\"><input size=\"40\" maxlength=\"400\" class=\"wpcf7-form-control wpcf7-text wpcf7-validates-as-required\" aria-required=\"true\" aria-invalid=\"false\" placeholder=\"Nombre*\" value=\"\" type=\"text\" name=\"your-nombre\" \/><\/span>\n<\/p>\n<p><span class=\"wpcf7-form-control-wrap\" data-name=\"your-email\"><input size=\"40\" maxlength=\"400\" class=\"wpcf7-form-control wpcf7-email wpcf7-validates-as-required wpcf7-text wpcf7-validates-as-email\" aria-required=\"true\" aria-invalid=\"false\" placeholder=\"Email*\" value=\"\" type=\"email\" name=\"your-email\" \/><\/span>\n<\/p>\n<p>\u00c1rea de inter\u00e9s <span class=\"wpcf7-form-control-wrap\" data-name=\"menu-244\"><select class=\"wpcf7-form-control wpcf7-select wpcf7-validates-as-required\" aria-required=\"true\" aria-invalid=\"false\" name=\"menu-244\"><option value=\"\">&#8212;Por favor, elige una opci\u00f3n&#8212;<\/option><option value=\"Pie Diab\u00e9tico\">Pie Diab\u00e9tico<\/option><option value=\"Lesionados de Tr\u00e1fico\">Lesionados de Tr\u00e1fico<\/option><option value=\"Obstetricia y Ginecolog\u00eda\">Obstetricia y Ginecolog\u00eda<\/option><option value=\"Medicina Interna\">Medicina Interna<\/option><option value=\"Unidad del Dolor\">Unidad del Dolor<\/option><option value=\"Cardiolog\u00eda\">Cardiolog\u00eda<\/option><option value=\"Urolog\u00eda\">Urolog\u00eda<\/option><option value=\"Medicina F\u00edsica y Rehabilitaci\u00f3n\">Medicina F\u00edsica y Rehabilitaci\u00f3n<\/option><option value=\"Cirug\u00eda Ortop\u00e9dica y Traumatolog\u00eda\">Cirug\u00eda Ortop\u00e9dica y Traumatolog\u00eda<\/option><option value=\"Nutrici\u00f3n y Diet\u00e9tica\">Nutrici\u00f3n y Diet\u00e9tica<\/option><option value=\"An\u00e1lisis Cl\u00ednicos\">An\u00e1lisis Cl\u00ednicos<\/option><option value=\"Otro\">Otro<\/option><\/select><\/span>\n<\/p>\n<p>[vc_row][vc_column][vc_tta_accordion active_section=\"0\" collapsible_all=\"true\"][vc_tta_section title=\"Informaci\u00f3n b\u00e1sica sobre protecci\u00f3n de datos\" tab_id=\"1636711763220-f9c91683-64a6\"][vc_column_text]En cumplimiento de lo dispuesto en el Reglamento General de Protecci\u00f3n de Datos (EU) 2016\/679 de Protecci\u00f3n de Datos (en adelante \u201cRGPD\u201d), y la Ley Org\u00e1nica 3\/2018, de 5 de diciembre, de Protecci\u00f3n de Datos Personales y Garant\u00eda de los derechos digitales (en adelante \u201cLOPDGDD\u201d), le informamos:<br \/>\nResponsable del Tratamiento: <strong>HOSPITAL POLICL\u00cdNICO LA PALOMA, S.A.<\/strong>, CIF: A35005842, Domicilio: C\/ Maestro Valle, 20, 35005, Las Palmas de G.C., Las Palmas, Espa\u00f1a. Tel\u00e9fono: 928 234 466. Delegado de Protecci\u00f3n de Datos: Lilliam Valenzuela - UMBRA ABOGADOS. Cualquier consulta sobre su privacidad podr\u00e1 remitirla al email: <a href=\"mailto:rgpd@hospitallapaloma.com\">rgpd@hospitallapaloma.com<\/a>\n<\/p>\n<p><u>Finalidad del tratamiento:<\/u> Gesti\u00f3n y resoluci\u00f3n de su consulta. Gestionar la agenda de citas del Hospital. Remitirle informaci\u00f3n sobre temas de salud, eventos o promociones en productos o servicios m\u00e9dicos. Gestionar los curriculums que se reciban de acuerdo con los procesos de selecci\u00f3n o vacantes.\n<\/p>\n<p><u>Legitimaci\u00f3n:<\/u> Estamos legitimados para tratar sus datos en base a su consentimiento, y en base al inter\u00e9s leg\u00edtimo del Responsable, y, en caso de que remita su curr\u00edculo, trataremos los datos para la aplicaci\u00f3n de medidas precontractuales.\n<\/p>\n<p><u>Conservaci\u00f3n:<\/u> Los datos ser\u00e1n conservados por el tiempo necesario para la finalidad con la que se recoge la informaci\u00f3n, mientras no revoque el consentimiento prestado o solicite la supresi\u00f3n de sus datos, as\u00ed como por los plazos necesarios para hacer frente a posibles reclamaciones o atender requerimientos judiciales.\n<\/p>\n<p><u>Destinatarios:<\/u> Los datos de los usuarios de la p\u00e1gina web no ser\u00e1n cedidos salvo para el cumplimiento de obligaciones legales o requerimientos judiciales.\n<\/p>\n<p><u>Derechos:<\/u> Puede ejercer sus derechos de acceso, rectificaci\u00f3n, supresi\u00f3n, portabilidad y oposici\u00f3n o revocaci\u00f3n del consentimiento otorgado remitiendo su solicitud al email <a href=\"mailto:rgpd@hospitallapaloma.com\">rgpd@hospitallapaloma.com<\/a>, por correo postal a la direcci\u00f3n del Hospital, o presencialmente en nuestras instalaciones.\n<\/p>\n<p>*Le recomendamos consultar la informaci\u00f3n adicional sobre Protecci\u00f3n de Datos.\n<\/p>\n<p>[\/vc_column_text][\/vc_tta_section][\/vc_tta_accordion][\/vc_column][\/vc_row]\n<\/p>\n<p><span class=\"wpcf7-form-control-wrap\" data-name=\"acceptance-897\"><span class=\"wpcf7-form-control wpcf7-acceptance\"><span class=\"wpcf7-list-item\"><label><input type=\"checkbox\" name=\"acceptance-897\" value=\"1\" aria-invalid=\"false\" \/><span class=\"wpcf7-list-item-label\">Acepto la <a href=\"https:\/\/www.hospitallapaloma.com\/politica-de-privacidad\/\">Pol\u00edtica de Privacidad.<\/a><\/span><\/label><\/span><\/span><\/span>\n<\/p>\n<p><span class=\"wpcf7-form-control-wrap\" data-name=\"checkbox-453\"><span class=\"wpcf7-form-control wpcf7-checkbox\"><span class=\"wpcf7-list-item first last\"><input type=\"checkbox\" name=\"checkbox-453[]\" value=\"Deseo mantenerme informado sobre temas de salud, eventos o promociones en productos o servicios m\u00e9dicos.\" \/><span class=\"wpcf7-list-item-label\">Deseo mantenerme informado sobre temas de salud, eventos o promociones en productos o servicios m\u00e9dicos.<\/span><\/span><\/span><\/span>\n<\/p>\n<p><input class=\"wpcf7-form-control wpcf7-submit has-spinner\" type=\"submit\" value=\"Enviar\" \/>\n<\/p>\n<p><script>\ndocument.addEventListener( 'wpcf7mailsent', function( event ) {\n location = ' https:\/\/hospitallapaloma.com\/gracias-por-el-mensaje\/';\n}, false );\n<\/script>\n<\/p><p style=\"display: none !important;\" class=\"akismet-fields-container\" data-prefix=\"_wpcf7_ak_\"><label>&#916;<textarea name=\"_wpcf7_ak_hp_textarea\" cols=\"45\" rows=\"8\" maxlength=\"100\"><\/textarea><\/label><input type=\"hidden\" id=\"ak_js_1\" name=\"_wpcf7_ak_js\" value=\"199\"\/><script>document.getElementById( \"ak_js_1\" ).setAttribute( \"value\", ( new Date() ).getTime() );<\/script><\/p><div class=\"wpcf7-response-output\" aria-hidden=\"true\"><\/div>\n<\/form>\n<\/div>\n[\/vc_tta_section][\/vc_tta_accordion][\/vc_column][vc_column width=&#8221;1\/4&#8243;][\/vc_column][\/vc_row][vc_row][vc_column][vc_column_text]<\/p>\n<h2><span data-contrast=\"auto\">New technologies in the diagnosis of cognitive disorders<\/span><span data-ccp-props=\"{&quot;201341983&quot;:0,&quot;335559740&quot;:276}\">\u00a0<\/span><\/h2>\n<p>[\/vc_column_text][vc_empty_space][vc_column_text]<span data-contrast=\"auto\">In recent years there has been a breakthrough in the development of diagnostic techniques and the early detection of such disorders through the use of technology, such as virtual reality.<\/span><span data-ccp-props=\"{&quot;201341983&quot;:0,&quot;335559740&quot;:276}\">\u00a0<\/span><\/p>\n<p><span data-contrast=\"auto\">Hospital La Paloma\u2019s Psychopedagogy Unit is the first center in Gran Canaria that incorporates this technology in its sessions and consultations.<\/span><span data-ccp-props=\"{&quot;201341983&quot;:0,&quot;335559740&quot;:276}\">\u00a0<\/span><\/p>\n<p><span data-contrast=\"auto\">At the same time, therapies include this technology along with other complementary technologies such as augmented reality or computer software.<\/span><span data-ccp-props=\"{&quot;201341983&quot;:0,&quot;335559740&quot;:276}\">\u00a0<\/span>[\/vc_column_text][vc_empty_space][vc_column_text]<\/p>\n<h3><span data-contrast=\"auto\">Virtual reality in the diagnosis of ADHD and cognitive problems<\/span><span data-ccp-props=\"{&quot;201341983&quot;:0,&quot;335559740&quot;:276}\">\u00a0<\/span><\/h3>\n<p>[\/vc_column_text][vc_column_text]<span data-contrast=\"auto\">In the Psychopedagogy Unit we have the Nesplora system, being the only center in Gran Canaria that has it. It is a system to diagnose cognitive problems in virtual reality environments, such as Attention Deficit Disorder with or without hyperactivity (ADHD). Although it is especially indicated in children between 6 and 16 years old, it is also used in sessions with adults.<\/span><span data-ccp-props=\"{&quot;201341983&quot;:0,&quot;335559740&quot;:276}\">\u00a0<\/span><\/p>\n<p><span data-contrast=\"auto\">This system places the patient in virtual environments that emulate a real situation and collects information from cognitive processes. In this way, objective information about cognitive and behavioral processes in simulated environments is achieved.<\/span><span data-ccp-props=\"{&quot;201341983&quot;:0,&quot;335559740&quot;:276}\">\u00a0<\/span><\/p>\n<p><span data-contrast=\"auto\">The diagnosis of ADHD must be made by a doctor or clinical psychologist who must be complemented, in turn, with information provided by the parents or the educational center.<\/span><span data-ccp-props=\"{&quot;201341983&quot;:0,&quot;335559740&quot;:276}\">\u00a0<\/span><\/p>\n<p>&nbsp;<\/p>\n<p><img loading=\"lazy\" decoding=\"async\" class=\"alignnone size-full wp-image-2999\" src=\"https:\/\/www.hospitallapaloma.com\/wp-content\/uploads\/2018\/08\/Pasacio\u2560\u00fcn_NesploraAulaII.png\" alt=\"\" width=\"750\" height=\"422\" srcset=\"https:\/\/www.hospitallapaloma.com\/wp-content\/uploads\/2018\/08\/Pasacio\u2560\u00fcn_NesploraAulaII.png 750w, https:\/\/www.hospitallapaloma.com\/wp-content\/uploads\/2018\/08\/Pasacio\u2560\u00fcn_NesploraAulaII-600x338.png 600w, https:\/\/www.hospitallapaloma.com\/wp-content\/uploads\/2018\/08\/Pasacio\u2560\u00fcn_NesploraAulaII-300x169.png 300w\" sizes=\"auto, (max-width: 750px) 100vw, 750px\" \/>[\/vc_column_text][vc_column_text]<\/p>\n<h2><span data-contrast=\"auto\">Detection of learning difficulties with Dide<\/span><span data-ccp-props=\"{&quot;201341983&quot;:0,&quot;335559740&quot;:276}\">\u00a0<\/span><\/h2>\n<p>[\/vc_column_text][vc_column_text]<span data-contrast=\"auto\">Dide is a new tool that allows gathering information quickly and massively about the possible learning difficulties that children between 2 and 18 years of age may suffer. In the Psychopedagogy Unit we have this new system, being the only center in Gran Canaria that has it.<\/span><span data-ccp-props=\"{&quot;201341983&quot;:0,&quot;335559740&quot;:276}\">\u00a0<\/span><\/p>\n<p><span data-contrast=\"auto\">This virtual platform facilitates decision making when assessing children&#8217;s development and learning. Thus, families, schools and educational counsellors together with psychopedagogist can make a diagnosis.<\/span><span data-ccp-props=\"{&quot;201341983&quot;:0,&quot;335559740&quot;:276}\">\u00a0<\/span><\/p>\n<p><span data-contrast=\"auto\">Dide collects information regarding the evolution of the child and gives the necessary information to guide the management of possible difficulties that will arise in the development and learning of children.<\/span><span data-ccp-props=\"{&quot;201341983&quot;:0,&quot;335559740&quot;:276}\">\u00a0<\/span>[\/vc_column_text][vc_empty_space][\/vc_column][\/vc_row][vc_row][vc_column width=&#8221;1\/4&#8243;][\/vc_column][vc_column width=&#8221;1\/2&#8243;][vc_tta_accordion color=&#8221;blue&#8221; active_section=&#8221;0&#8243; collapsible_all=&#8221;true&#8221;][vc_tta_section title=&#8221;Do you want to receive more information about the Psychopedagogy Unit in your email? &#8221; tab_id=&#8221;1533130409445-a44cc602-048c&#8221;]\n<div class=\"wpcf7 no-js\" id=\"wpcf7-f2651-o2\" lang=\"es-ES\" dir=\"ltr\" data-wpcf7-id=\"2651\">\n<div class=\"screen-reader-response\"><p role=\"status\" aria-live=\"polite\" aria-atomic=\"true\"><\/p> <ul><\/ul><\/div>\n<form action=\"\/en\/wp-json\/wp\/v2\/pages\/28167#wpcf7-f2651-o2\" method=\"post\" class=\"wpcf7-form init\" aria-label=\"Formulario de contacto\" novalidate=\"novalidate\" data-status=\"init\">\n<fieldset class=\"hidden-fields-container\"><input type=\"hidden\" name=\"_wpcf7\" value=\"2651\" \/><input type=\"hidden\" name=\"_wpcf7_version\" value=\"6.1.5\" \/><input type=\"hidden\" name=\"_wpcf7_locale\" value=\"es_ES\" \/><input type=\"hidden\" name=\"_wpcf7_unit_tag\" value=\"wpcf7-f2651-o2\" \/><input type=\"hidden\" name=\"_wpcf7_container_post\" value=\"0\" \/><input type=\"hidden\" name=\"_wpcf7_posted_data_hash\" value=\"\" \/><input type=\"hidden\" name=\"_wpcf7cf_hidden_group_fields\" value=\"[]\" \/><input type=\"hidden\" name=\"_wpcf7cf_hidden_groups\" value=\"[]\" \/><input type=\"hidden\" name=\"_wpcf7cf_visible_groups\" value=\"[]\" \/><input type=\"hidden\" name=\"_wpcf7cf_repeaters\" value=\"[]\" \/><input type=\"hidden\" name=\"_wpcf7cf_steps\" value=\"{}\" \/><input type=\"hidden\" name=\"_wpcf7cf_options\" value=\"{&quot;form_id&quot;:2651,&quot;conditions&quot;:[],&quot;settings&quot;:{&quot;animation&quot;:&quot;yes&quot;,&quot;animation_intime&quot;:200,&quot;animation_outtime&quot;:200,&quot;conditions_ui&quot;:&quot;normal&quot;,&quot;notice_dismissed&quot;:false,&quot;notice_dismissed_rollback-cf7-5.8.3&quot;:true,&quot;notice_dismissed_rollback-cf7-5.8.6&quot;:true,&quot;notice_dismissed_rollback-cf7-5.9.8&quot;:true}}\" \/><input type=\"hidden\" name=\"_wpcf7_recaptcha_response\" value=\"\" \/>\n<\/fieldset>\n<p><span class=\"wpcf7-form-control-wrap\" data-name=\"your-nombre\"><input size=\"40\" maxlength=\"400\" class=\"wpcf7-form-control wpcf7-text wpcf7-validates-as-required\" aria-required=\"true\" aria-invalid=\"false\" placeholder=\"Nombre*\" value=\"\" type=\"text\" name=\"your-nombre\" \/><\/span>\n<\/p>\n<p><span class=\"wpcf7-form-control-wrap\" data-name=\"your-email\"><input size=\"40\" maxlength=\"400\" class=\"wpcf7-form-control wpcf7-email wpcf7-validates-as-required wpcf7-text wpcf7-validates-as-email\" aria-required=\"true\" aria-invalid=\"false\" placeholder=\"Email*\" value=\"\" type=\"email\" name=\"your-email\" \/><\/span>\n<\/p>\n<p>\u00c1rea de inter\u00e9s <span class=\"wpcf7-form-control-wrap\" data-name=\"menu-244\"><select class=\"wpcf7-form-control wpcf7-select wpcf7-validates-as-required\" aria-required=\"true\" aria-invalid=\"false\" name=\"menu-244\"><option value=\"\">&#8212;Por favor, elige una opci\u00f3n&#8212;<\/option><option value=\"Pie Diab\u00e9tico\">Pie Diab\u00e9tico<\/option><option value=\"Lesionados de Tr\u00e1fico\">Lesionados de Tr\u00e1fico<\/option><option value=\"Obstetricia y Ginecolog\u00eda\">Obstetricia y Ginecolog\u00eda<\/option><option value=\"Medicina Interna\">Medicina Interna<\/option><option value=\"Unidad del Dolor\">Unidad del Dolor<\/option><option value=\"Cardiolog\u00eda\">Cardiolog\u00eda<\/option><option value=\"Urolog\u00eda\">Urolog\u00eda<\/option><option value=\"Medicina F\u00edsica y Rehabilitaci\u00f3n\">Medicina F\u00edsica y Rehabilitaci\u00f3n<\/option><option value=\"Cirug\u00eda Ortop\u00e9dica y Traumatolog\u00eda\">Cirug\u00eda Ortop\u00e9dica y Traumatolog\u00eda<\/option><option value=\"Nutrici\u00f3n y Diet\u00e9tica\">Nutrici\u00f3n y Diet\u00e9tica<\/option><option value=\"An\u00e1lisis Cl\u00ednicos\">An\u00e1lisis Cl\u00ednicos<\/option><option value=\"Otro\">Otro<\/option><\/select><\/span>\n<\/p>\n<p>[vc_row][vc_column][vc_tta_accordion active_section=\"0\" collapsible_all=\"true\"][vc_tta_section title=\"Informaci\u00f3n b\u00e1sica sobre protecci\u00f3n de datos\" tab_id=\"1636711763220-f9c91683-64a6\"][vc_column_text]En cumplimiento de lo dispuesto en el Reglamento General de Protecci\u00f3n de Datos (EU) 2016\/679 de Protecci\u00f3n de Datos (en adelante \u201cRGPD\u201d), y la Ley Org\u00e1nica 3\/2018, de 5 de diciembre, de Protecci\u00f3n de Datos Personales y Garant\u00eda de los derechos digitales (en adelante \u201cLOPDGDD\u201d), le informamos:<br \/>\nResponsable del Tratamiento: <strong>HOSPITAL POLICL\u00cdNICO LA PALOMA, S.A.<\/strong>, CIF: A35005842, Domicilio: C\/ Maestro Valle, 20, 35005, Las Palmas de G.C., Las Palmas, Espa\u00f1a. Tel\u00e9fono: 928 234 466. Delegado de Protecci\u00f3n de Datos: Lilliam Valenzuela - UMBRA ABOGADOS. Cualquier consulta sobre su privacidad podr\u00e1 remitirla al email: <a href=\"mailto:rgpd@hospitallapaloma.com\">rgpd@hospitallapaloma.com<\/a>\n<\/p>\n<p><u>Finalidad del tratamiento:<\/u> Gesti\u00f3n y resoluci\u00f3n de su consulta. Gestionar la agenda de citas del Hospital. Remitirle informaci\u00f3n sobre temas de salud, eventos o promociones en productos o servicios m\u00e9dicos. Gestionar los curriculums que se reciban de acuerdo con los procesos de selecci\u00f3n o vacantes.\n<\/p>\n<p><u>Legitimaci\u00f3n:<\/u> Estamos legitimados para tratar sus datos en base a su consentimiento, y en base al inter\u00e9s leg\u00edtimo del Responsable, y, en caso de que remita su curr\u00edculo, trataremos los datos para la aplicaci\u00f3n de medidas precontractuales.\n<\/p>\n<p><u>Conservaci\u00f3n:<\/u> Los datos ser\u00e1n conservados por el tiempo necesario para la finalidad con la que se recoge la informaci\u00f3n, mientras no revoque el consentimiento prestado o solicite la supresi\u00f3n de sus datos, as\u00ed como por los plazos necesarios para hacer frente a posibles reclamaciones o atender requerimientos judiciales.\n<\/p>\n<p><u>Destinatarios:<\/u> Los datos de los usuarios de la p\u00e1gina web no ser\u00e1n cedidos salvo para el cumplimiento de obligaciones legales o requerimientos judiciales.\n<\/p>\n<p><u>Derechos:<\/u> Puede ejercer sus derechos de acceso, rectificaci\u00f3n, supresi\u00f3n, portabilidad y oposici\u00f3n o revocaci\u00f3n del consentimiento otorgado remitiendo su solicitud al email <a href=\"mailto:rgpd@hospitallapaloma.com\">rgpd@hospitallapaloma.com<\/a>, por correo postal a la direcci\u00f3n del Hospital, o presencialmente en nuestras instalaciones.\n<\/p>\n<p>*Le recomendamos consultar la informaci\u00f3n adicional sobre Protecci\u00f3n de Datos.\n<\/p>\n<p>[\/vc_column_text][\/vc_tta_section][\/vc_tta_accordion][\/vc_column][\/vc_row]\n<\/p>\n<p><span class=\"wpcf7-form-control-wrap\" data-name=\"acceptance-897\"><span class=\"wpcf7-form-control wpcf7-acceptance\"><span class=\"wpcf7-list-item\"><label><input type=\"checkbox\" name=\"acceptance-897\" value=\"1\" aria-invalid=\"false\" \/><span class=\"wpcf7-list-item-label\">Acepto la <a href=\"https:\/\/www.hospitallapaloma.com\/politica-de-privacidad\/\">Pol\u00edtica de Privacidad.<\/a><\/span><\/label><\/span><\/span><\/span>\n<\/p>\n<p><span class=\"wpcf7-form-control-wrap\" data-name=\"checkbox-453\"><span class=\"wpcf7-form-control wpcf7-checkbox\"><span class=\"wpcf7-list-item first last\"><input type=\"checkbox\" name=\"checkbox-453[]\" value=\"Deseo mantenerme informado sobre temas de salud, eventos o promociones en productos o servicios m\u00e9dicos.\" \/><span class=\"wpcf7-list-item-label\">Deseo mantenerme informado sobre temas de salud, eventos o promociones en productos o servicios m\u00e9dicos.<\/span><\/span><\/span><\/span>\n<\/p>\n<p><input class=\"wpcf7-form-control wpcf7-submit has-spinner\" type=\"submit\" value=\"Enviar\" \/>\n<\/p>\n<p><script>\ndocument.addEventListener( 'wpcf7mailsent', function( event ) {\n location = ' https:\/\/hospitallapaloma.com\/gracias-por-el-mensaje\/';\n}, false );\n<\/script>\n<\/p><p style=\"display: none !important;\" class=\"akismet-fields-container\" data-prefix=\"_wpcf7_ak_\"><label>&#916;<textarea name=\"_wpcf7_ak_hp_textarea\" cols=\"45\" rows=\"8\" maxlength=\"100\"><\/textarea><\/label><input type=\"hidden\" id=\"ak_js_2\" name=\"_wpcf7_ak_js\" value=\"144\"\/><script>document.getElementById( \"ak_js_2\" ).setAttribute( \"value\", ( new Date() ).getTime() );<\/script><\/p><div class=\"wpcf7-response-output\" aria-hidden=\"true\"><\/div>\n<\/form>\n<\/div>\n[\/vc_tta_section][\/vc_tta_accordion][\/vc_column][vc_column width=&#8221;1\/4&#8243;][\/vc_column][\/vc_row][vc_row][vc_column][vc_column_text]<\/p>\n<h2><span data-contrast=\"auto\">How does ADHD manifest?<\/span><span data-ccp-props=\"{&quot;201341983&quot;:0,&quot;335559740&quot;:276}\">\u00a0<\/span><\/h2>\n<p>[\/vc_column_text][vc_column_text]<span data-contrast=\"auto\">Hyperactivity, restlessness, lack of attention or impulsivity, for example, manifest themselves at an early age. They usually affect their school performance, learning, and relationships with others their age.<\/span><span data-ccp-props=\"{&quot;201341983&quot;:0,&quot;335559740&quot;:276}\">\u00a0<\/span><span data-ccp-props=\"{&quot;201341983&quot;:0,&quot;335559740&quot;:276}\">\u00a0<\/span><\/p>\n<p><span data-contrast=\"auto\">In fact, some studies have revealed that many prisoners who suffer from this type of pathology and were not detected in childhood, are conditioned and affected by the consequences of these disorders.<\/span><span data-ccp-props=\"{&quot;201341983&quot;:0,&quot;335559740&quot;:276}\">\u00a0<\/span>[\/vc_column_text][vc_empty_space][vc_column_text]<\/p>\n<h3><span data-contrast=\"auto\">Diagnosis of ADHD in children, adolescents and adults<\/span><span data-ccp-props=\"{&quot;201341983&quot;:0,&quot;335559740&quot;:276}\">\u00a0<\/span><\/h3>\n<p>[\/vc_column_text][vc_column_text]<span data-contrast=\"auto\">ADHD affects 5% of schoolchildren between 6 and 16 years. It is a neurological disorder that develops in childhood and usually manifests itself through attention deficit and concentration, impulsivity or hyperactivity.<\/span><span data-ccp-props=\"{&quot;201341983&quot;:0,&quot;335559740&quot;:276}\">\u00a0<\/span><\/p>\n<p><span data-contrast=\"auto\">In many children this disorder usually disappears in adolescence, however in other cases it may be accompanied by other disorders (challenging negative anxiety, adaptation, behaviour, learning) and also remain in adulthood.<\/span><span data-ccp-props=\"{&quot;201341983&quot;:0,&quot;335559740&quot;:276}\">\u00a0<\/span><\/p>\n<p><span data-contrast=\"auto\">At Hospital de la Paloma Psychopedagogy, Zaira Santana is collegiate, which allows her to to write legal psychopedagogical reports.<\/span><span data-ccp-props=\"{&quot;201341983&quot;:0,&quot;335559740&quot;:276}\">\u00a0<\/span>[\/vc_column_text][vc_empty_space][vc_column_text]<\/p>\n<h3><span data-contrast=\"auto\">The treatment of ADHD<\/span><span data-ccp-props=\"{&quot;201341983&quot;:0,&quot;335559740&quot;:276}\">\u00a0<\/span><\/h3>\n<p>[\/vc_column_text][vc_column_text]<span data-contrast=\"auto\">The treatment of ADHD should be multidisciplinary as it is necessary to involve doctors, psychopedagogues, psychologists, teachers, parents&#8230;<\/span><span data-ccp-props=\"{&quot;201341983&quot;:0,&quot;335559740&quot;:276}\">\u00a0<\/span><span data-ccp-props=\"{&quot;201341983&quot;:0,&quot;335559740&quot;:276}\">\u00a0<\/span><\/p>\n<p><span data-contrast=\"auto\">A psychoeducational approach and medication that will improve symptoms is also necessary.<\/span><span data-ccp-props=\"{&quot;201341983&quot;:0,&quot;335559740&quot;:276}\">\u00a0<\/span>[\/vc_column_text][vc_empty_space][vc_column_text]<\/p>\n<h3><span data-contrast=\"auto\">Physical exercise as an ADHD treatment\u00a0<\/span><span data-ccp-props=\"{&quot;201341983&quot;:0,&quot;335559740&quot;:276}\">\u00a0<\/span><\/h3>\n<p>[\/vc_column_text][vc_column_text]<span data-contrast=\"auto\">The most common treatment is usually medication. However, this treatment does not resolve the symptoms completely and a psychopedagogist intervention is necessary. In addition, parents are not satisfied with this prescription, so they opt for other alternatives such as cognitive behavioural interventions and family interventions. The Psychopedagogy Unit of Hospital La Paloma is<strong> the first unit in Gran Canaria that will incorporate physical exercise in its sessions<\/strong> and consultations as an adjunctive treatment for ADHD.\u00a0\u00a0<\/span>[\/vc_column_text][vc_empty_space][vc_column_text]<\/p>\n<h3><span data-contrast=\"auto\">Dyslexia and learning disorders<\/span><span data-ccp-props=\"{&quot;201341983&quot;:0,&quot;335559740&quot;:276}\">\u00a0<\/span><\/h3>\n<p>[\/vc_column_text][vc_column_text]<span data-contrast=\"auto\">Psychopedagogy diagnosis and treats learning disorders. One of the best known is dyslexia, which affects writing and reading related skills. Those who suffer from it have difficulty with reading, spelling and arithmetic calculation problems. The origin of dyslexia is not in the intellectual quotient or emotional state of the affected person.<\/span><span data-ccp-props=\"{&quot;201341983&quot;:0,&quot;335559740&quot;:276}\">\u00a0<\/span><span data-ccp-props=\"{&quot;201341983&quot;:0,&quot;335559740&quot;:276}\">\u00a0<\/span><\/p>\n<p><span data-contrast=\"auto\">Another disorder that is treated in this unit is dyscalculia. It is a learning disorder of mathematics, that is, it affects the ability to understand numbers and work with them.<\/span><span data-ccp-props=\"{&quot;201341983&quot;:0,&quot;335559740&quot;:276}\">\u00a0<\/span>[\/vc_column_text][vc_empty_space][vc_column_text]<\/p>\n<h2><span data-contrast=\"auto\">Treatment of learning problems by artificial intelligence<\/span><span data-ccp-props=\"{&quot;201341983&quot;:0,&quot;335559740&quot;:276}\">\u00a0<\/span><\/h2>\n<p>[\/vc_column_text][vc_column_text]<span data-contrast=\"auto\">In the Psychopedagogy Unit we have recently incorporated training with artificial intelligence Sincrolab video games with in the treatments of patients with neurodevelopmental disorders (ADHD), with learning difficulties and in adults with neurodegenerative disorders.<\/span><span data-ccp-props=\"{&quot;201341983&quot;:0,&quot;335559740&quot;:276}\">\u00a0<\/span><\/p>\n<p><span data-contrast=\"auto\">This tool is controlled by the specialist at all times and consists of an app for mobile or tablet\/pad with which the patient can access video games every day. The psychopedagogue will monitor the evolution and progress of each patient from the platform to adapt the workouts.<\/span><span data-ccp-props=\"{&quot;201341983&quot;:0,&quot;335559740&quot;:276}\">\u00a0<\/span><\/p>\n<p><span data-contrast=\"auto\">The advantage of using video games in therapy is that it allows you to manage and generate personalised cognitive training plans for both children and adults. The results show that patients increase their performance in tests related to processing speed and decrease execution and response times in tests related to inhibitory control capacity.<\/span><span data-ccp-props=\"{&quot;201341983&quot;:0,&quot;335559740&quot;:276}\">\u00a0<\/span>[\/vc_column_text][vc_empty_space][vc_column_text]<\/p>\n<h3><span data-contrast=\"auto\">Psychopedagogy for children with high intellectual abilities<\/span><span data-ccp-props=\"{&quot;201341983&quot;:0,&quot;335559740&quot;:276}\">\u00a0<\/span><\/h3>\n<h3><strong>\u00a0<\/strong><\/h3>\n<p>[\/vc_column_text][vc_column_text]<span data-contrast=\"auto\">In children who have high intellectual abilities, that is, an above average intelligence, it is important to work in sessions with a psychopedagogue. The work allows to continue improving performance by exercising those faculties that have less developed but above all, to improve in personal aspects such as self-esteem or social skills.<\/span><span data-ccp-props=\"{&quot;201341983&quot;:0,&quot;335559740&quot;:276}\">\u00a0<\/span>[\/vc_column_text][vc_empty_space][\/vc_column][\/vc_row][vc_row][vc_column width=&#8221;1\/4&#8243;][\/vc_column][vc_column width=&#8221;1\/2&#8243;][vc_tta_accordion color=&#8221;blue&#8221; active_section=&#8221;0&#8243; collapsible_all=&#8221;true&#8221;][vc_tta_section title=&#8221;Do you want to receive more information about the Psychopedagogy Unit in your email? &#8221; tab_id=&#8221;1533130551280-fb955021-191b&#8221;]\n<div class=\"wpcf7 no-js\" id=\"wpcf7-f2651-o3\" lang=\"es-ES\" dir=\"ltr\" data-wpcf7-id=\"2651\">\n<div class=\"screen-reader-response\"><p role=\"status\" aria-live=\"polite\" aria-atomic=\"true\"><\/p> <ul><\/ul><\/div>\n<form action=\"\/en\/wp-json\/wp\/v2\/pages\/28167#wpcf7-f2651-o3\" method=\"post\" class=\"wpcf7-form init\" aria-label=\"Formulario de contacto\" novalidate=\"novalidate\" data-status=\"init\">\n<fieldset class=\"hidden-fields-container\"><input type=\"hidden\" name=\"_wpcf7\" value=\"2651\" \/><input type=\"hidden\" name=\"_wpcf7_version\" value=\"6.1.5\" \/><input type=\"hidden\" name=\"_wpcf7_locale\" value=\"es_ES\" \/><input type=\"hidden\" name=\"_wpcf7_unit_tag\" value=\"wpcf7-f2651-o3\" \/><input type=\"hidden\" name=\"_wpcf7_container_post\" value=\"0\" \/><input type=\"hidden\" name=\"_wpcf7_posted_data_hash\" value=\"\" \/><input type=\"hidden\" name=\"_wpcf7cf_hidden_group_fields\" value=\"[]\" \/><input type=\"hidden\" name=\"_wpcf7cf_hidden_groups\" value=\"[]\" \/><input type=\"hidden\" name=\"_wpcf7cf_visible_groups\" value=\"[]\" \/><input type=\"hidden\" name=\"_wpcf7cf_repeaters\" value=\"[]\" \/><input type=\"hidden\" name=\"_wpcf7cf_steps\" value=\"{}\" \/><input type=\"hidden\" name=\"_wpcf7cf_options\" value=\"{&quot;form_id&quot;:2651,&quot;conditions&quot;:[],&quot;settings&quot;:{&quot;animation&quot;:&quot;yes&quot;,&quot;animation_intime&quot;:200,&quot;animation_outtime&quot;:200,&quot;conditions_ui&quot;:&quot;normal&quot;,&quot;notice_dismissed&quot;:false,&quot;notice_dismissed_rollback-cf7-5.8.3&quot;:true,&quot;notice_dismissed_rollback-cf7-5.8.6&quot;:true,&quot;notice_dismissed_rollback-cf7-5.9.8&quot;:true}}\" \/><input type=\"hidden\" name=\"_wpcf7_recaptcha_response\" value=\"\" \/>\n<\/fieldset>\n<p><span class=\"wpcf7-form-control-wrap\" data-name=\"your-nombre\"><input size=\"40\" maxlength=\"400\" class=\"wpcf7-form-control wpcf7-text wpcf7-validates-as-required\" aria-required=\"true\" aria-invalid=\"false\" placeholder=\"Nombre*\" value=\"\" type=\"text\" name=\"your-nombre\" \/><\/span>\n<\/p>\n<p><span class=\"wpcf7-form-control-wrap\" data-name=\"your-email\"><input size=\"40\" maxlength=\"400\" class=\"wpcf7-form-control wpcf7-email wpcf7-validates-as-required wpcf7-text wpcf7-validates-as-email\" aria-required=\"true\" aria-invalid=\"false\" placeholder=\"Email*\" value=\"\" type=\"email\" name=\"your-email\" \/><\/span>\n<\/p>\n<p>\u00c1rea de inter\u00e9s <span class=\"wpcf7-form-control-wrap\" data-name=\"menu-244\"><select class=\"wpcf7-form-control wpcf7-select wpcf7-validates-as-required\" aria-required=\"true\" aria-invalid=\"false\" name=\"menu-244\"><option value=\"\">&#8212;Por favor, elige una opci\u00f3n&#8212;<\/option><option value=\"Pie Diab\u00e9tico\">Pie Diab\u00e9tico<\/option><option value=\"Lesionados de Tr\u00e1fico\">Lesionados de Tr\u00e1fico<\/option><option value=\"Obstetricia y Ginecolog\u00eda\">Obstetricia y Ginecolog\u00eda<\/option><option value=\"Medicina Interna\">Medicina Interna<\/option><option value=\"Unidad del Dolor\">Unidad del Dolor<\/option><option value=\"Cardiolog\u00eda\">Cardiolog\u00eda<\/option><option value=\"Urolog\u00eda\">Urolog\u00eda<\/option><option value=\"Medicina F\u00edsica y Rehabilitaci\u00f3n\">Medicina F\u00edsica y Rehabilitaci\u00f3n<\/option><option value=\"Cirug\u00eda Ortop\u00e9dica y Traumatolog\u00eda\">Cirug\u00eda Ortop\u00e9dica y Traumatolog\u00eda<\/option><option value=\"Nutrici\u00f3n y Diet\u00e9tica\">Nutrici\u00f3n y Diet\u00e9tica<\/option><option value=\"An\u00e1lisis Cl\u00ednicos\">An\u00e1lisis Cl\u00ednicos<\/option><option value=\"Otro\">Otro<\/option><\/select><\/span>\n<\/p>\n<p>[vc_row][vc_column][vc_tta_accordion active_section=\"0\" collapsible_all=\"true\"][vc_tta_section title=\"Informaci\u00f3n b\u00e1sica sobre protecci\u00f3n de datos\" tab_id=\"1636711763220-f9c91683-64a6\"][vc_column_text]En cumplimiento de lo dispuesto en el Reglamento General de Protecci\u00f3n de Datos (EU) 2016\/679 de Protecci\u00f3n de Datos (en adelante \u201cRGPD\u201d), y la Ley Org\u00e1nica 3\/2018, de 5 de diciembre, de Protecci\u00f3n de Datos Personales y Garant\u00eda de los derechos digitales (en adelante \u201cLOPDGDD\u201d), le informamos:<br \/>\nResponsable del Tratamiento: <strong>HOSPITAL POLICL\u00cdNICO LA PALOMA, S.A.<\/strong>, CIF: A35005842, Domicilio: C\/ Maestro Valle, 20, 35005, Las Palmas de G.C., Las Palmas, Espa\u00f1a. Tel\u00e9fono: 928 234 466. Delegado de Protecci\u00f3n de Datos: Lilliam Valenzuela - UMBRA ABOGADOS. Cualquier consulta sobre su privacidad podr\u00e1 remitirla al email: <a href=\"mailto:rgpd@hospitallapaloma.com\">rgpd@hospitallapaloma.com<\/a>\n<\/p>\n<p><u>Finalidad del tratamiento:<\/u> Gesti\u00f3n y resoluci\u00f3n de su consulta. Gestionar la agenda de citas del Hospital. Remitirle informaci\u00f3n sobre temas de salud, eventos o promociones en productos o servicios m\u00e9dicos. Gestionar los curriculums que se reciban de acuerdo con los procesos de selecci\u00f3n o vacantes.\n<\/p>\n<p><u>Legitimaci\u00f3n:<\/u> Estamos legitimados para tratar sus datos en base a su consentimiento, y en base al inter\u00e9s leg\u00edtimo del Responsable, y, en caso de que remita su curr\u00edculo, trataremos los datos para la aplicaci\u00f3n de medidas precontractuales.\n<\/p>\n<p><u>Conservaci\u00f3n:<\/u> Los datos ser\u00e1n conservados por el tiempo necesario para la finalidad con la que se recoge la informaci\u00f3n, mientras no revoque el consentimiento prestado o solicite la supresi\u00f3n de sus datos, as\u00ed como por los plazos necesarios para hacer frente a posibles reclamaciones o atender requerimientos judiciales.\n<\/p>\n<p><u>Destinatarios:<\/u> Los datos de los usuarios de la p\u00e1gina web no ser\u00e1n cedidos salvo para el cumplimiento de obligaciones legales o requerimientos judiciales.\n<\/p>\n<p><u>Derechos:<\/u> Puede ejercer sus derechos de acceso, rectificaci\u00f3n, supresi\u00f3n, portabilidad y oposici\u00f3n o revocaci\u00f3n del consentimiento otorgado remitiendo su solicitud al email <a href=\"mailto:rgpd@hospitallapaloma.com\">rgpd@hospitallapaloma.com<\/a>, por correo postal a la direcci\u00f3n del Hospital, o presencialmente en nuestras instalaciones.\n<\/p>\n<p>*Le recomendamos consultar la informaci\u00f3n adicional sobre Protecci\u00f3n de Datos.\n<\/p>\n<p>[\/vc_column_text][\/vc_tta_section][\/vc_tta_accordion][\/vc_column][\/vc_row]\n<\/p>\n<p><span class=\"wpcf7-form-control-wrap\" data-name=\"acceptance-897\"><span class=\"wpcf7-form-control wpcf7-acceptance\"><span class=\"wpcf7-list-item\"><label><input type=\"checkbox\" name=\"acceptance-897\" value=\"1\" aria-invalid=\"false\" \/><span class=\"wpcf7-list-item-label\">Acepto la <a href=\"https:\/\/www.hospitallapaloma.com\/politica-de-privacidad\/\">Pol\u00edtica de Privacidad.<\/a><\/span><\/label><\/span><\/span><\/span>\n<\/p>\n<p><span class=\"wpcf7-form-control-wrap\" data-name=\"checkbox-453\"><span class=\"wpcf7-form-control wpcf7-checkbox\"><span class=\"wpcf7-list-item first last\"><input type=\"checkbox\" name=\"checkbox-453[]\" value=\"Deseo mantenerme informado sobre temas de salud, eventos o promociones en productos o servicios m\u00e9dicos.\" \/><span class=\"wpcf7-list-item-label\">Deseo mantenerme informado sobre temas de salud, eventos o promociones en productos o servicios m\u00e9dicos.<\/span><\/span><\/span><\/span>\n<\/p>\n<p><input class=\"wpcf7-form-control wpcf7-submit has-spinner\" type=\"submit\" value=\"Enviar\" \/>\n<\/p>\n<p><script>\ndocument.addEventListener( 'wpcf7mailsent', function( event ) {\n location = ' https:\/\/hospitallapaloma.com\/gracias-por-el-mensaje\/';\n}, false );\n<\/script>\n<\/p><p style=\"display: none !important;\" class=\"akismet-fields-container\" data-prefix=\"_wpcf7_ak_\"><label>&#916;<textarea name=\"_wpcf7_ak_hp_textarea\" cols=\"45\" rows=\"8\" maxlength=\"100\"><\/textarea><\/label><input type=\"hidden\" id=\"ak_js_3\" name=\"_wpcf7_ak_js\" value=\"137\"\/><script>document.getElementById( \"ak_js_3\" ).setAttribute( \"value\", ( new Date() ).getTime() );<\/script><\/p><div class=\"wpcf7-response-output\" aria-hidden=\"true\"><\/div>\n<\/form>\n<\/div>\n[\/vc_tta_section][\/vc_tta_accordion][\/vc_column][vc_column width=&#8221;1\/4&#8243;][\/vc_column][\/vc_row][vc_row css=&#8221;.vc_custom_1556555924087{margin-top: -60px !important;}&#8221;][vc_column offset=&#8221;vc_hidden-lg vc_hidden-md&#8221;][vc_column_text]<\/p>\n<div id=\"plus\" style=\"bottom: 60px; right: 7px; position: fixed; z-index: 700;\"><img loading=\"lazy\" decoding=\"async\" class=\"alignnone size-full wp-image-6888\" src=\"https:\/\/www.hospitallapaloma.com\/wp-content\/uploads\/2019\/05\/gif-mv.gif\" alt=\"\" width=\"60\" height=\"60\" \/><\/div>\n<div id=\"minus\" style=\"bottom: 60px; right: 7px; position: fixed; z-index: 700; display: none;\"><img loading=\"lazy\" decoding=\"async\" class=\"alignnone size-full wp-image-6888\" src=\"https:\/\/www.hospitallapaloma.com\/wp-content\/uploads\/2019\/04\/equis.png\" alt=\"\" width=\"60\" height=\"60\" \/><\/div>\n<div id=\"form\" style=\"bottom: 130px; right: 10px; position: fixed; z-index: 700; display: none;\"><a href=\"#pide-cita\"><img loading=\"lazy\" decoding=\"async\" class=\"alignnone size-full wp-image-6888\" src=\"https:\/\/www.hospitallapaloma.com\/wp-content\/uploads\/2019\/04\/form.png\" alt=\"\" width=\"55\" height=\"55\" \/><\/a><\/div>\n<div id=\"phone\" style=\"bottom: 190px; right: 10px; position: fixed; z-index: 700; display: none;\"><a href=\"tel:+34928234466\"><img loading=\"lazy\" decoding=\"async\" class=\"alignnone size-full wp-image-6888\" src=\"https:\/\/www.hospitallapaloma.com\/wp-content\/uploads\/2019\/04\/phone.png\" alt=\"\" width=\"55\" height=\"55\" \/><\/a><\/div>\n<p>[\/vc_column_text][vc_raw_js]JTNDc2NyaXB0JTIwdHlwZSUzRCUyMnRleHQlMkZqYXZhc2NyaXB0JTIyJTNFJTIwJTBBJTBBdmFyJTIwYnRuXzElMjAlM0QlMjBkb2N1bWVudC5nZXRFbGVtZW50QnlJZCUyOCUyN3BsdXMlMjclMjklM0IlMEF2YXIlMjBidG5fMiUyMCUzRCUyMGRvY3VtZW50LmdldEVsZW1lbnRCeUlkJTI4JTI3Zm9ybSUyNyUyOSUzQiUwQXZhciUyMGJ0bl8zJTIwJTNEJTIwZG9jdW1lbnQuZ2V0RWxlbWVudEJ5SWQlMjglMjdwaG9uZSUyNyUyOSUzQiUwQXZhciUyMGJ0bl80JTIwJTNEJTIwZG9jdW1lbnQuZ2V0RWxlbWVudEJ5SWQlMjglMjdtaW51cyUyNyUyOSUzQiUwQXZhciUyMG9wZW4lMjAlM0QlMjAxJTNCJTBBdmFyJTIwY2xvc2UlMjAlM0QlMjAwJTNCJTBBJTBBYnRuXzEub25jbGljayUyMCUzRCUyMG1vc3RyYXJCb3RvbiUzQiUwQWJ0bl80Lm9uY2xpY2slMjAlM0QlMjBvY3VsdGFyQm90b24lM0IlMEElMjAlMjAlMjAlMjAlMjAlMjAlMjAlMjAlMEFmdW5jdGlvbiUyMG1vc3RyYXJCb3RvbiUyOCUyOSUyMCU3QiUwQSUyMCUyMCUyMCUyMGJ0bl8xLnN0eWxlLmRpc3BsYXklMjAlM0QlMjAlMjdub25lJTI3JTNCJTBBJTIwJTIwJTIwJTIwYnRuXzIuc3R5bGUuZGlzcGxheSUyMCUzRCUyMCUyN2lubGluZSUyNyUzQiUwQSUyMCUyMCUyMCUyMGJ0bl8zLnN0eWxlLmRpc3BsYXklMjAlM0QlMjAlMjdpbmxpbmUlMjclM0IlMEElMjAlMjAlMjAlMjAlMjAlMjAlMjBidG5fNC5zdHlsZS5kaXNwbGF5JTIwJTNEJTIwJTI3aW5saW5lJTI3JTNCJTBBJTdEJTBBJTBBZnVuY3Rpb24lMjBvY3VsdGFyQm90b24lMjglMjklMjAlN0IlMEElMjAlMjAlMjAlMjBidG5fMS5zdHlsZS5kaXNwbGF5JTIwJTNEJTIwJTI3aW5saW5lJTI3JTNCJTBBJTIwJTIwJTIwJTIwYnRuXzIuc3R5bGUuZGlzcGxheSUyMCUzRCUyMCUyN25vbmUlMjclM0IlMEElMjAlMjAlMjAlMjBidG5fMy5zdHlsZS5kaXNwbGF5JTIwJTNEJTIwJTI3bm9uZSUyNyUzQiUwQSUyMCUyMCUyMGJ0bl80LnN0eWxlLmRpc3BsYXklMjAlM0QlMjAlMjdub25lJTI3JTNCJTBBJTdEJTBBJTBBJTBBJTNDJTJGc2NyaXB0JTNF[\/vc_raw_js][\/vc_column][\/vc_row]<\/p>\n<\/div>","protected":false},"excerpt":{"rendered":"<p>[vc_row][vc_column][vc_custom_heading text=&#8221;Psychopedagogy Unit &#8221; font_container=&#8221;tag:h1|text_align:left&#8221; use_theme_fonts=&#8221;yes&#8221;][vc_single_image image=&#8221;3000&#8243; img_size=&#8221;full&#8221; style=&#8221;vc_box_border&#8221;][vc_empty_space height=&#8221;18px&#8221;][\/vc_column][\/vc_row][vc_row][vc_column][vc_column_text]Specialised attention by psychopedagogy helps to prevent and treat all those difficulties that appear in the learning and development process of children.\u00a0 Difficulties in the childhood stage such as ADHD or dyslexia, among others, are chronic pathologies that affect their development and have an impact on&hellip;<\/p>\n","protected":false},"author":1,"featured_media":0,"parent":0,"menu_order":0,"comment_status":"closed","ping_status":"closed","template":"","meta":{"_joinchat":[],"footnotes":""},"class_list":["post-28167","page","type-page","status-publish","hentry","description-off"],"yoast_head":"<!-- This site is optimized with the Yoast SEO plugin v26.9 - https:\/\/yoast.com\/product\/yoast-seo-wordpress\/ -->\n<title>Psychopedagogy Unit - Hospital La Paloma en Las Palmas<\/title>\n<meta name=\"description\" content=\"Our unit aims to re-educate and\/or rehabilitate children with specific difficulties or disorders through an individualised and personalised intervention\" \/>\n<meta name=\"robots\" content=\"index, follow, max-snippet:-1, max-image-preview:large, max-video-preview:-1\" \/>\n<link rel=\"canonical\" href=\"https:\/\/www.hospitallapaloma.com\/en\/psichopedagogy-unit\/\" \/>\n<meta property=\"og:locale\" content=\"en_US\" \/>\n<meta property=\"og:type\" content=\"article\" \/>\n<meta property=\"og:title\" content=\"Psychopedagogy Unit - Hospital La Paloma en Las Palmas\" \/>\n<meta property=\"og:description\" content=\"Our unit aims to re-educate and\/or rehabilitate children with specific difficulties or disorders through an individualised and personalised intervention\" \/>\n<meta property=\"og:url\" content=\"https:\/\/www.hospitallapaloma.com\/en\/psichopedagogy-unit\/\" \/>\n<meta property=\"og:site_name\" content=\"Hospital La Paloma\" \/>\n<meta property=\"article:publisher\" content=\"https:\/\/www.facebook.com\/lapalomahospital\/\" \/>\n<meta property=\"article:modified_time\" content=\"2019-09-06T13:32:47+00:00\" \/>\n<meta property=\"og:image\" content=\"https:\/\/www.hospitallapaloma.com\/wp-content\/uploads\/2018\/08\/Pasacio\u2560\u00fcn_NesploraAulaII.png\" \/>\n<meta name=\"twitter:card\" content=\"summary_large_image\" \/>\n<meta name=\"twitter:site\" content=\"@lapalomahosp\" \/>\n<meta name=\"twitter:label1\" content=\"Est. reading time\" \/>\n\t<meta name=\"twitter:data1\" content=\"8 minutes\" \/>\n<script type=\"application\/ld+json\" class=\"yoast-schema-graph\">{\"@context\":\"https:\/\/schema.org\",\"@graph\":[{\"@type\":\"WebPage\",\"@id\":\"https:\/\/www.hospitallapaloma.com\/en\/psichopedagogy-unit\/\",\"url\":\"https:\/\/www.hospitallapaloma.com\/en\/psichopedagogy-unit\/\",\"name\":\"Psychopedagogy Unit - Hospital La Paloma en Las Palmas\",\"isPartOf\":{\"@id\":\"https:\/\/www.hospitallapaloma.com\/#website\"},\"primaryImageOfPage\":{\"@id\":\"https:\/\/www.hospitallapaloma.com\/en\/psichopedagogy-unit\/#primaryimage\"},\"image\":{\"@id\":\"https:\/\/www.hospitallapaloma.com\/en\/psichopedagogy-unit\/#primaryimage\"},\"thumbnailUrl\":\"https:\/\/www.hospitallapaloma.com\/wp-content\/uploads\/2019\/05\/gif-mv.gif\",\"datePublished\":\"2018-08-01T13:36:56+00:00\",\"dateModified\":\"2019-09-06T13:32:47+00:00\",\"description\":\"Our unit aims to re-educate and\/or rehabilitate children with specific difficulties or disorders through an individualised and personalised intervention\",\"breadcrumb\":{\"@id\":\"https:\/\/www.hospitallapaloma.com\/en\/psichopedagogy-unit\/#breadcrumb\"},\"inLanguage\":\"en-US\",\"potentialAction\":[{\"@type\":\"ReadAction\",\"target\":[\"https:\/\/www.hospitallapaloma.com\/en\/psichopedagogy-unit\/\"]}]},{\"@type\":\"ImageObject\",\"inLanguage\":\"en-US\",\"@id\":\"https:\/\/www.hospitallapaloma.com\/en\/psichopedagogy-unit\/#primaryimage\",\"url\":\"https:\/\/www.hospitallapaloma.com\/wp-content\/uploads\/2019\/05\/gif-mv.gif\",\"contentUrl\":\"https:\/\/www.hospitallapaloma.com\/wp-content\/uploads\/2019\/05\/gif-mv.gif\"},{\"@type\":\"BreadcrumbList\",\"@id\":\"https:\/\/www.hospitallapaloma.com\/en\/psichopedagogy-unit\/#breadcrumb\",\"itemListElement\":[{\"@type\":\"ListItem\",\"position\":1,\"name\":\"Portada\",\"item\":\"https:\/\/www.hospitallapaloma.com\/en\/\"},{\"@type\":\"ListItem\",\"position\":2,\"name\":\"Psychopedagogy Unit\"}]},{\"@type\":\"WebSite\",\"@id\":\"https:\/\/www.hospitallapaloma.com\/#website\",\"url\":\"https:\/\/www.hospitallapaloma.com\/\",\"name\":\"Hospital La Paloma\",\"description\":\"Hospital La Paloma en Las Palmas de Gran Canaria\",\"publisher\":{\"@id\":\"https:\/\/www.hospitallapaloma.com\/#organization\"},\"potentialAction\":[{\"@type\":\"SearchAction\",\"target\":{\"@type\":\"EntryPoint\",\"urlTemplate\":\"https:\/\/www.hospitallapaloma.com\/?s={search_term_string}\"},\"query-input\":{\"@type\":\"PropertyValueSpecification\",\"valueRequired\":true,\"valueName\":\"search_term_string\"}}],\"inLanguage\":\"en-US\"},{\"@type\":\"Organization\",\"@id\":\"https:\/\/www.hospitallapaloma.com\/#organization\",\"name\":\"Hospital La Paloma\",\"url\":\"https:\/\/www.hospitallapaloma.com\/\",\"logo\":{\"@type\":\"ImageObject\",\"inLanguage\":\"en-US\",\"@id\":\"https:\/\/www.hospitallapaloma.com\/#\/schema\/logo\/image\/\",\"url\":\"https:\/\/www.hospitallapaloma.com\/wp-content\/uploads\/2016\/03\/logo-AW-1.jpg\",\"contentUrl\":\"https:\/\/www.hospitallapaloma.com\/wp-content\/uploads\/2016\/03\/logo-AW-1.jpg\",\"width\":240,\"height\":120,\"caption\":\"Hospital La Paloma\"},\"image\":{\"@id\":\"https:\/\/www.hospitallapaloma.com\/#\/schema\/logo\/image\/\"},\"sameAs\":[\"https:\/\/www.facebook.com\/lapalomahospital\/\",\"https:\/\/x.com\/lapalomahosp\",\"https:\/\/www.youtube.com\/channel\/UCjVEdPqlsQMZmMsZ8rAh0Ng\"]}]}<\/script>\n<!-- \/ Yoast SEO plugin. -->","yoast_head_json":{"title":"Psychopedagogy Unit - Hospital La Paloma en Las Palmas","description":"Our unit aims to re-educate and\/or rehabilitate children with specific difficulties or disorders through an individualised and personalised intervention","robots":{"index":"index","follow":"follow","max-snippet":"max-snippet:-1","max-image-preview":"max-image-preview:large","max-video-preview":"max-video-preview:-1"},"canonical":"https:\/\/www.hospitallapaloma.com\/en\/psichopedagogy-unit\/","og_locale":"en_US","og_type":"article","og_title":"Psychopedagogy Unit - Hospital La Paloma en Las Palmas","og_description":"Our unit aims to re-educate and\/or rehabilitate children with specific difficulties or disorders through an individualised and personalised intervention","og_url":"https:\/\/www.hospitallapaloma.com\/en\/psichopedagogy-unit\/","og_site_name":"Hospital La Paloma","article_publisher":"https:\/\/www.facebook.com\/lapalomahospital\/","article_modified_time":"2019-09-06T13:32:47+00:00","og_image":[{"url":"https:\/\/www.hospitallapaloma.com\/wp-content\/uploads\/2018\/08\/Pasacio\u2560\u00fcn_NesploraAulaII.png","type":"","width":"","height":""}],"twitter_card":"summary_large_image","twitter_site":"@lapalomahosp","twitter_misc":{"Est. reading time":"8 minutes"},"schema":{"@context":"https:\/\/schema.org","@graph":[{"@type":"WebPage","@id":"https:\/\/www.hospitallapaloma.com\/en\/psichopedagogy-unit\/","url":"https:\/\/www.hospitallapaloma.com\/en\/psichopedagogy-unit\/","name":"Psychopedagogy Unit - Hospital La Paloma en Las Palmas","isPartOf":{"@id":"https:\/\/www.hospitallapaloma.com\/#website"},"primaryImageOfPage":{"@id":"https:\/\/www.hospitallapaloma.com\/en\/psichopedagogy-unit\/#primaryimage"},"image":{"@id":"https:\/\/www.hospitallapaloma.com\/en\/psichopedagogy-unit\/#primaryimage"},"thumbnailUrl":"https:\/\/www.hospitallapaloma.com\/wp-content\/uploads\/2019\/05\/gif-mv.gif","datePublished":"2018-08-01T13:36:56+00:00","dateModified":"2019-09-06T13:32:47+00:00","description":"Our unit aims to re-educate and\/or rehabilitate children with specific difficulties or disorders through an individualised and personalised intervention","breadcrumb":{"@id":"https:\/\/www.hospitallapaloma.com\/en\/psichopedagogy-unit\/#breadcrumb"},"inLanguage":"en-US","potentialAction":[{"@type":"ReadAction","target":["https:\/\/www.hospitallapaloma.com\/en\/psichopedagogy-unit\/"]}]},{"@type":"ImageObject","inLanguage":"en-US","@id":"https:\/\/www.hospitallapaloma.com\/en\/psichopedagogy-unit\/#primaryimage","url":"https:\/\/www.hospitallapaloma.com\/wp-content\/uploads\/2019\/05\/gif-mv.gif","contentUrl":"https:\/\/www.hospitallapaloma.com\/wp-content\/uploads\/2019\/05\/gif-mv.gif"},{"@type":"BreadcrumbList","@id":"https:\/\/www.hospitallapaloma.com\/en\/psichopedagogy-unit\/#breadcrumb","itemListElement":[{"@type":"ListItem","position":1,"name":"Portada","item":"https:\/\/www.hospitallapaloma.com\/en\/"},{"@type":"ListItem","position":2,"name":"Psychopedagogy Unit"}]},{"@type":"WebSite","@id":"https:\/\/www.hospitallapaloma.com\/#website","url":"https:\/\/www.hospitallapaloma.com\/","name":"Hospital La Paloma","description":"Hospital La Paloma en Las Palmas de Gran Canaria","publisher":{"@id":"https:\/\/www.hospitallapaloma.com\/#organization"},"potentialAction":[{"@type":"SearchAction","target":{"@type":"EntryPoint","urlTemplate":"https:\/\/www.hospitallapaloma.com\/?s={search_term_string}"},"query-input":{"@type":"PropertyValueSpecification","valueRequired":true,"valueName":"search_term_string"}}],"inLanguage":"en-US"},{"@type":"Organization","@id":"https:\/\/www.hospitallapaloma.com\/#organization","name":"Hospital La Paloma","url":"https:\/\/www.hospitallapaloma.com\/","logo":{"@type":"ImageObject","inLanguage":"en-US","@id":"https:\/\/www.hospitallapaloma.com\/#\/schema\/logo\/image\/","url":"https:\/\/www.hospitallapaloma.com\/wp-content\/uploads\/2016\/03\/logo-AW-1.jpg","contentUrl":"https:\/\/www.hospitallapaloma.com\/wp-content\/uploads\/2016\/03\/logo-AW-1.jpg","width":240,"height":120,"caption":"Hospital La Paloma"},"image":{"@id":"https:\/\/www.hospitallapaloma.com\/#\/schema\/logo\/image\/"},"sameAs":["https:\/\/www.facebook.com\/lapalomahospital\/","https:\/\/x.com\/lapalomahosp","https:\/\/www.youtube.com\/channel\/UCjVEdPqlsQMZmMsZ8rAh0Ng"]}]}},"_links":{"self":[{"href":"https:\/\/www.hospitallapaloma.com\/en\/wp-json\/wp\/v2\/pages\/28167","targetHints":{"allow":["GET"]}}],"collection":[{"href":"https:\/\/www.hospitallapaloma.com\/en\/wp-json\/wp\/v2\/pages"}],"about":[{"href":"https:\/\/www.hospitallapaloma.com\/en\/wp-json\/wp\/v2\/types\/page"}],"author":[{"embeddable":true,"href":"https:\/\/www.hospitallapaloma.com\/en\/wp-json\/wp\/v2\/users\/1"}],"replies":[{"embeddable":true,"href":"https:\/\/www.hospitallapaloma.com\/en\/wp-json\/wp\/v2\/comments?post=28167"}],"version-history":[{"count":2,"href":"https:\/\/www.hospitallapaloma.com\/en\/wp-json\/wp\/v2\/pages\/28167\/revisions"}],"predecessor-version":[{"id":28411,"href":"https:\/\/www.hospitallapaloma.com\/en\/wp-json\/wp\/v2\/pages\/28167\/revisions\/28411"}],"wp:attachment":[{"href":"https:\/\/www.hospitallapaloma.com\/en\/wp-json\/wp\/v2\/media?parent=28167"}],"curies":[{"name":"wp","href":"https:\/\/api.w.org\/{rel}","templated":true}]}}